{"id":695,"date":"2020-09-02T14:32:31","date_gmt":"2020-09-02T12:32:31","guid":{"rendered":"https:\/\/egewe.fr\/index.php\/histoire-de-leglise-evangelique-de-weislingen\/"},"modified":"2024-10-27T10:22:17","modified_gmt":"2024-10-27T09:22:17","slug":"histoire-de-leglise-evangelique-de-weislingen","status":"publish","type":"page","link":"https:\/\/egewe.fr\/index.php\/histoire-de-leglise-evangelique-de-weislingen\/","title":{"rendered":"Notre histoire"},"content":{"rendered":"<div data-colibri-id=\"695-c1\" class=\"style-637 style-local-695-c1 position-relative\">\n  <!---->\n  <div data-colibri-component=\"section\" data-colibri-id=\"695-c2\" id=\"custom\" class=\"h-section h-section-global-spacing d-flex align-items-lg-center align-items-md-center align-items-center style-638 style-local-695-c2 position-relative\">\n    <!---->\n    <!---->\n    <div class=\"h-section-grid-container h-section-boxed-container\">\n      <!---->\n      <div data-colibri-id=\"695-c3\" class=\"h-row-container gutters-row-lg-0 gutters-row-md-0 gutters-row-0 gutters-row-v-lg-0 gutters-row-v-md-0 gutters-row-v-0 style-639 style-local-695-c3 position-relative\">\n        <!---->\n        <div class=\"h-row justify-content-lg-center justify-content-md-center justify-content-center align-items-lg-stretch align-items-md-stretch align-items-stretch gutters-col-lg-0 gutters-col-md-0 gutters-col-0 gutters-col-v-lg-0 gutters-col-v-md-0 gutters-col-v-0\">\n          <!---->\n          <div class=\"h-column h-column-container d-flex h-col-lg-auto h-col-md-auto h-col-auto style-640-outer style-local-695-c4-outer\">\n            <div data-colibri-id=\"695-c4\" class=\"d-flex h-flex-basis h-column__inner h-px-lg-2 h-px-md-2 h-px-2 v-inner-lg-2 v-inner-md-2 v-inner-2 style-640 style-local-695-c4 position-relative\">\n              <!---->\n              <!---->\n              <div class=\"w-100 h-y-container h-column__content h-column__v-align flex-basis-100 align-self-lg-start align-self-md-start align-self-start\">\n                <!---->\n                <div data-colibri-id=\"695-c5\" class=\"h-row-container gutters-row-lg-0 gutters-row-md-0 gutters-row-0 gutters-row-v-lg-0 gutters-row-v-md-0 gutters-row-v-0 style-644 style-local-695-c5 position-relative\">\n                  <!---->\n                  <div class=\"h-row justify-content-lg-center justify-content-md-center justify-content-center align-items-lg-stretch align-items-md-stretch align-items-stretch gutters-col-lg-0 gutters-col-md-0 gutters-col-0 gutters-col-v-lg-0 gutters-col-v-md-0 gutters-col-v-0\">\n                    <!---->\n                    <div class=\"h-column h-column-container d-flex h-col-lg-auto h-col-md-auto h-col-auto style-645-outer style-local-695-c6-outer\">\n                      <div data-colibri-id=\"695-c6\" class=\"d-flex h-flex-basis h-column__inner h-px-lg-2 h-px-md-2 h-px-2 v-inner-lg-2 v-inner-md-2 v-inner-2 style-645 style-local-695-c6 position-relative\">\n                        <!---->\n                        <!---->\n                        <div class=\"w-100 h-y-container h-column__content h-column__v-align flex-basis-100 align-self-lg-start align-self-md-start align-self-start\">\n                          <!---->\n                          <div data-colibri-id=\"695-c7\" class=\"d-block style-643 style-local-695-c7 position-relative h-element\">\n                            <!---->\n                            <div class=\"h-image__frame-container-outer\">\n                              <div class=\"h-image__frame-container\">\n                                <!---->\n                                <!---->\n                                <img loading=\"lazy\" decoding=\"async\" width=\"308\" height=\"227\" src=\"https:\/\/egewe.fr\/wp-content\/uploads\/2020\/09\/cropped-eew-av-2012.jpg\" class=\"wp-image-4649 style-643-image style-local-695-c7-image\" alt=\"\" srcset=\"https:\/\/egewe.fr\/wp-content\/uploads\/2020\/09\/cropped-eew-av-2012.jpg 308w, https:\/\/egewe.fr\/wp-content\/uploads\/2020\/09\/cropped-eew-av-2012-300x221.jpg 300w\" sizes=\"auto, (max-width: 308px) 100vw, 308px\" \/>\n                                <div class=\"h-image__frame h-hide-lg h-hide-md h-hide-sm style-643-frameImage style-local-695-c7-frameImage\"><\/div>\n                              <\/div>\n                            <\/div>\n                          <\/div>\n                        <\/div>\n                      <\/div>\n                    <\/div>\n                    <div class=\"h-column h-column-container d-flex h-col-lg-auto h-col-md-auto h-col-auto style-646-outer style-local-695-c8-outer\">\n                      <div data-colibri-id=\"695-c8\" class=\"d-flex h-flex-basis h-column__inner h-px-lg-2 h-px-md-2 h-px-2 v-inner-lg-2 v-inner-md-2 v-inner-2 style-646 style-local-695-c8 position-relative\">\n                        <!---->\n                        <!---->\n                        <div class=\"w-100 h-y-container h-column__content h-column__v-align flex-basis-100 align-self-lg-start align-self-md-start align-self-start\">\n                          <!---->\n                          <div data-colibri-id=\"695-c9\" class=\"h-text h-text-component style-642 style-local-695-c9 position-relative h-element\">\n                            <!---->\n                            <!---->\n                            <div class=\"\">\n                              <p><span style=\"font-family: Raleway;\">La maison qui abrite de nos jours l\u2019\u00e9glise \u00e9vang\u00e9lique fut construite en 1924 par les \u00e9poux Eberhardt E. et Graef Catherine.<\/span><\/p>\n                              <p><span style=\"font-family: Raleway;\">Par la suite le b\u00e2timent a \u00e9t\u00e9 transform\u00e9 en caf\u00e9-restaurant, avec salle de bal mitoyenne, largement fr\u00e9quent\u00e9s par les jeunes et les moins jeunes du village et des alentours. Il a \u00e9t\u00e9 acquis par l&rsquo;\u00c9glise en 1984 aupr\u00e8s de Raymond Osswald de Tieffenbach.<\/span><\/p>\n                            <\/div>\n                          <\/div>\n                        <\/div>\n                      <\/div>\n                    <\/div>\n                  <\/div>\n                <\/div>\n              <\/div>\n            <\/div>\n          <\/div>\n        <\/div>\n      <\/div>\n      <div data-colibri-id=\"695-c10\" class=\"h-row-container gutters-row-lg-2 gutters-row-md-2 gutters-row-0 gutters-row-v-lg-2 gutters-row-v-md-2 gutters-row-v-2 style-665 style-local-695-c10 position-relative\">\n        <!---->\n        <div class=\"h-row justify-content-lg-center justify-content-md-center justify-content-center align-items-lg-stretch align-items-md-stretch align-items-stretch gutters-col-lg-2 gutters-col-md-2 gutters-col-0 gutters-col-v-lg-2 gutters-col-v-md-2 gutters-col-v-2\">\n          <!---->\n          <div class=\"h-column h-column-container d-flex h-col-lg-auto h-col-md-auto h-col-auto style-666-outer style-local-695-c11-outer\">\n            <div data-colibri-id=\"695-c11\" class=\"d-flex h-flex-basis h-column__inner h-px-lg-0 h-px-md-0 h-px-0 v-inner-lg-0 v-inner-md-0 v-inner-0 style-666 style-local-695-c11 position-relative\">\n              <!---->\n              <!---->\n              <div class=\"w-100 h-y-container h-column__content h-column__v-align flex-basis-100 align-self-lg-start align-self-md-start align-self-start\">\n                <!---->\n                <div data-colibri-id=\"695-c12\" class=\"h-global-transition-all h-heading style-667 style-local-695-c12 position-relative h-element\">\n                  <!---->\n                  <div class=\"h-heading__outer style-667 style-local-695-c12\">\n                    <!---->\n                    <!---->\n                    <h4 class=\"\"><span style=\"font-family: Handlee; font-size: 200%;\">Notre r\u00e9seau<\/span><\/h4>\n                  <\/div>\n                <\/div>\n              <\/div>\n            <\/div>\n          <\/div>\n        <\/div>\n      <\/div>\n      <div data-colibri-id=\"695-c13\" class=\"h-row-container gutters-row-lg-0 gutters-row-md-0 gutters-row-0 gutters-row-v-lg-0 gutters-row-v-md-0 gutters-row-v-0 style-650 style-local-695-c13 position-relative\">\n        <!---->\n        <div class=\"h-row justify-content-lg-center justify-content-md-center justify-content-center align-items-lg-stretch align-items-md-stretch align-items-stretch gutters-col-lg-0 gutters-col-md-0 gutters-col-0 gutters-col-v-lg-0 gutters-col-v-md-0 gutters-col-v-0\">\n          <!---->\n          <div class=\"h-column h-column-container d-flex h-col-lg-auto h-col-md-auto h-col-auto style-651-outer style-local-695-c14-outer\">\n            <div data-colibri-id=\"695-c14\" class=\"d-flex h-flex-basis h-column__inner h-px-lg-2 h-px-md-2 h-px-2 v-inner-lg-2 v-inner-md-2 v-inner-2 style-651 style-local-695-c14 position-relative\">\n              <!---->\n              <!---->\n              <div class=\"w-100 h-y-container h-column__content h-column__v-align flex-basis-100 align-self-lg-start align-self-md-start align-self-start\">\n                <!---->\n                <div data-colibri-id=\"695-c15\" class=\"h-text h-text-component style-654 style-local-695-c15 position-relative h-element\">\n                  <!---->\n                  <!---->\n                  <div class=\"\">\n                    <p><span style=\"font-family: Raleway;\">L\u2019\u00c9glise \u00e9vang\u00e9lique de Weislingen est associ\u00e9e \u00e0 l&rsquo;<\/span>\n                      <a href=\"https:\/\/unionapc.fr\" style=\"font-family: Raleway; color: rgb(117, 22, 22);\" class=\"customize-unpreviewable\" draggable=\"false\">Union APC (Alliance Pour Christ)<\/a><span style=\"font-family: Raleway;\">, union de qui mettent en commun leurs comp\u00e9tences dans le domaine des activit\u00e9s jeunesse, artistiques, etc&#8230; Elle s\u2019inscrit dans le mouvement \u00e9vang\u00e9lique, qui est une branche du protestantisme. Elle est affili\u00e9e au <\/span>\n                      <a href=\"https:\/\/www.lecnef.org\/page\/170867-le-cnef\" target=\"_blank\" style=\"font-family: Raleway; color: rgb(117, 22, 22);\" class=\"customize-unpreviewable\" draggable=\"false\" rel=\"noopener\">CNEF (Conseil National des \u00c9vang\u00e9liques de France)<\/a><span style=\"font-family: Raleway;\"> ainsi qu&rsquo;au <\/span>\n                        <a href=\"http:\/\/www.reseaufef.com\" style=\"font-family: Raleway; color: rgb(117, 22, 22);\" class=\"customize-unpreviewable\"\n                          draggable=\"false\">R\u00e9seau FEF (R\u00e9seau Fraternel \u00c9vang\u00e9lique Fran\u00e7ais)<\/a><span style=\"font-family: Raleway;\">.<\/span><\/p>\n                  <\/div>\n                <\/div>\n              <\/div>\n            <\/div>\n          <\/div>\n          <div class=\"h-column h-column-container d-flex h-col-lg-auto h-col-md-auto h-col-auto style-652-outer style-local-695-c16-outer\">\n            <div data-colibri-id=\"695-c16\" class=\"d-flex h-flex-basis h-column__inner h-px-lg-2 h-px-md-2 h-px-2 v-inner-lg-2 v-inner-md-2 v-inner-2 style-652 style-local-695-c16 position-relative\">\n              <!---->\n              <!---->\n              <div class=\"w-100 h-y-container h-column__content h-column__v-align flex-basis-100 align-self-lg-start align-self-md-start align-self-start\">\n                <!---->\n                <div data-colibri-id=\"695-c17\" class=\"d-block style-653 style-local-695-c17 position-relative h-element\">\n                  <!---->\n                  <div class=\"h-image__frame-container-outer\">\n                    <div class=\"h-image__frame-container\">\n                      <!---->\n                      <!---->\n                      <img loading=\"lazy\" decoding=\"async\" width=\"320\" height=\"240\" src=\"https:\/\/egewe.fr\/wp-content\/uploads\/2020\/09\/eew-2012.jpg\" class=\"wp-image-698 style-653-image style-local-695-c17-image\" alt=\"\" srcset=\"https:\/\/egewe.fr\/wp-content\/uploads\/2020\/09\/eew-2012.jpg 320w, https:\/\/egewe.fr\/wp-content\/uploads\/2020\/09\/eew-2012-300x225.jpg 300w\" sizes=\"auto, (max-width: 320px) 100vw, 320px\" \/>\n                      <div class=\"h-image__frame h-hide-lg h-hide-md h-hide-sm style-653-frameImage style-local-695-c17-frameImage\"><\/div>\n                    <\/div>\n                  <\/div>\n                <\/div>\n              <\/div>\n            <\/div>\n          <\/div>\n        <\/div>\n      <\/div>\n      <div data-colibri-id=\"695-c18\" class=\"h-row-container gutters-row-lg-2 gutters-row-md-2 gutters-row-0 gutters-row-v-lg-2 gutters-row-v-md-2 gutters-row-v-2 style-656 style-local-695-c18 position-relative\">\n        <!---->\n        <div class=\"h-row justify-content-lg-center justify-content-md-center justify-content-center align-items-lg-stretch align-items-md-stretch align-items-stretch gutters-col-lg-2 gutters-col-md-2 gutters-col-0 gutters-col-v-lg-2 gutters-col-v-md-2 gutters-col-v-2\">\n          <!---->\n          <div class=\"h-column h-column-container d-flex h-col-lg-auto h-col-md-auto h-col-auto style-657-outer style-local-695-c19-outer\">\n            <div data-colibri-id=\"695-c19\" class=\"d-flex h-flex-basis h-column__inner h-px-lg-0 h-px-md-0 h-px-0 v-inner-lg-0 v-inner-md-0 v-inner-0 style-657 style-local-695-c19 position-relative\">\n              <!---->\n              <!---->\n              <div class=\"w-100 h-y-container h-column__content h-column__v-align flex-basis-100 align-self-lg-start align-self-md-start align-self-start\">\n                <!---->\n                <div data-colibri-id=\"695-c20\" class=\"h-global-transition-all h-heading style-658 style-local-695-c20 position-relative h-element\">\n                  <!---->\n                  <div class=\"h-heading__outer style-658 style-local-695-c20\">\n                    <!---->\n                    <!---->\n                    <h4 class=\"\"><span style=\"font-family: Handlee; font-size: 200%;\">Notre \u00e9volution<\/span><\/h4>\n                  <\/div>\n                <\/div>\n              <\/div>\n            <\/div>\n          <\/div>\n        <\/div>\n      <\/div>\n      <div data-colibri-id=\"695-c21\" class=\"h-row-container gutters-row-lg-2 gutters-row-md-2 gutters-row-0 gutters-row-v-lg-2 gutters-row-v-md-2 gutters-row-v-2 style-659 style-local-695-c21 position-relative\">\n        <!---->\n        <div class=\"h-row justify-content-lg-center justify-content-md-center justify-content-center align-items-lg-stretch align-items-md-stretch align-items-stretch gutters-col-lg-2 gutters-col-md-2 gutters-col-0 gutters-col-v-lg-2 gutters-col-v-md-2 gutters-col-v-2\">\n          <!---->\n          <div class=\"h-column h-column-container d-flex h-col-lg-auto h-col-md-auto h-col-auto style-660-outer style-local-695-c22-outer\">\n            <div data-colibri-id=\"695-c22\" class=\"d-flex h-flex-basis h-column__inner h-px-lg-2 h-px-md-2 h-px-2 v-inner-lg-2 v-inner-md-2 v-inner-2 style-660 style-local-695-c22 position-relative\">\n              <!---->\n              <!---->\n              <div class=\"w-100 h-y-container h-column__content h-column__v-align flex-basis-100 align-self-lg-start align-self-md-start align-self-start\">\n                <!---->\n                <div data-colibri-id=\"695-c23\" class=\"d-block style-661 style-local-695-c23 position-relative h-element\">\n                  <!---->\n                  <div class=\"h-image__frame-container-outer\">\n                    <div class=\"h-image__frame-container\">\n                      <!---->\n                      <!---->\n                      <img loading=\"lazy\" decoding=\"async\" width=\"850\" height=\"200\" src=\"https:\/\/egewe.fr\/wp-content\/uploads\/2020\/09\/eew-salle.jpg\" class=\"wp-image-700 style-661-image style-local-695-c23-image\" alt=\"\" srcset=\"https:\/\/egewe.fr\/wp-content\/uploads\/2020\/09\/eew-salle.jpg 850w, https:\/\/egewe.fr\/wp-content\/uploads\/2020\/09\/eew-salle-300x71.jpg 300w, https:\/\/egewe.fr\/wp-content\/uploads\/2020\/09\/eew-salle-768x181.jpg 768w\" sizes=\"auto, (max-width: 850px) 100vw, 850px\" \/>\n                      <div class=\"h-image__frame h-hide-lg h-hide-md h-hide-sm style-661-frameImage style-local-695-c23-frameImage\"><\/div>\n                    <\/div>\n                  <\/div>\n                <\/div>\n              <\/div>\n            <\/div>\n          <\/div>\n        <\/div>\n      <\/div>\n      <div data-colibri-id=\"695-c24\" class=\"h-row-container gutters-row-lg-0 gutters-row-md-0 gutters-row-0 gutters-row-v-lg-0 gutters-row-v-md-0 gutters-row-v-0 style-662 style-local-695-c24 position-relative\">\n        <!---->\n        <div class=\"h-row justify-content-lg-center justify-content-md-center justify-content-center align-items-lg-stretch align-items-md-stretch align-items-stretch gutters-col-lg-0 gutters-col-md-0 gutters-col-0 gutters-col-v-lg-0 gutters-col-v-md-0 gutters-col-v-0\">\n          <!---->\n          <div class=\"h-column h-column-container d-flex h-col-lg-auto h-col-md-auto h-col-auto style-663-outer style-local-695-c25-outer\">\n            <div data-colibri-id=\"695-c25\" class=\"d-flex h-flex-basis h-column__inner h-px-lg-2 h-px-md-2 h-px-2 v-inner-lg-2 v-inner-md-2 v-inner-2 style-663 style-local-695-c25 position-relative\">\n              <!---->\n              <!---->\n              <div class=\"w-100 h-y-container h-column__content h-column__v-align flex-basis-100 align-self-lg-start align-self-md-start align-self-start\">\n                <!---->\n                <div data-colibri-id=\"695-c26\" class=\"h-text h-text-component style-664 style-local-695-c26 position-relative h-element\">\n                  <!---->\n                  <!---->\n                  <div class=\"\">\n                    <p><span style=\"font-family: Raleway;\">Les premiers travaux ont \u00e9t\u00e9 consacr\u00e9s \u00e0 des am\u00e9nagements d\u2019urgence, avec transformation de l\u2019ancienne salle de bal en lieu de culte : il s\u2019agissait avant tout de rendre le b\u00e2timent conforme aux normes requises \u00e0 l\u2019\u00e9poque pour l\u2019accueil du public.<\/span><\/p>\n                    <p><span style=\"font-family: Raleway;\">Dans la foul\u00e9e, le sous-sol a \u00e9t\u00e9 am\u00e9nag\u00e9 pour servir de lieu de d\u00e9p\u00f4t et de tri de v\u00eatements et autres objets collect\u00e9s dans un but humanitaire.<\/span><\/p>\n                    <p><span style=\"font-family: Raleway;\">En 1996 a \u00e9t\u00e9 am\u00e9nag\u00e9 un vaste parking \u00e0 l\u2019arri\u00e8re du b\u00e2timent.&nbsp;En 2002, des travaux d\u2019am\u00e9nagement plus cons\u00e9quents ont \u00e9t\u00e9 r\u00e9alis\u00e9s : changement de disposition de la grande salle, pose de carrelage \u00e0 la place du parquet, cr\u00e9ation d\u2019une petite salle de garderie, de sanitaires.<\/span><\/p>\n                    <p><span style=\"font-family: Raleway;\">En 2004, la toiture a \u00e9t\u00e9 compl\u00e8tement remise \u00e0 neuf (charpente, isolation, couverture et zinguerie), ce qui devait permettre par la suite le r\u00e9am\u00e9nagement du 1er \u00e9tage, avec notamment la cr\u00e9ation de locaux pour jeunes.<\/span><\/p>\n                    <p><span style=\"font-family: Raleway;\">C\u2019est en 2009 que le b\u00e2timent a \u00e9t\u00e9 \u00e9quip\u00e9 d\u2019un escalier \u00e9largi et d\u2019une rampe d\u2019acc\u00e8s pour personnes \u00e0 mobilit\u00e9 r\u00e9duite.<\/span><\/p>\n                    <p><span style=\"font-family: Raleway;\">En 2012 ont \u00e9t\u00e9 r\u00e9alis\u00e9s le ravalement et la peinture des fa\u00e7ades.<\/span><\/p>\n                    <p><em style=\"font-family: Raleway;\">Sources :&nbsp;<\/em>\n                      <a href=\"http:\/\/www.weislingen.net\/200levillage\/220eglisesetparoisses\/223evangelique\" style=\"font-family: Raleway; color: rgb(117, 22, 22);\" class=\"customize-unpreviewable\"><em>Weislingen mon village<\/em><\/a>\n                    <\/p>\n                    <p>\n                      <br>\n                    <\/p>\n                  <\/div>\n                <\/div>\n              <\/div>\n            <\/div>\n          <\/div>\n        <\/div>\n      <\/div>\n    <\/div>\n  <\/div>\n<\/div>","protected":false},"excerpt":{"rendered":"<p>La maison qui abrite de nos jours l\u2019\u00e9glise \u00e9vang\u00e9lique fut construite en 1924 par les \u00e9poux Eberhardt E. et Graef Catherine. Par la suite le b\u00e2timent a \u00e9t\u00e9 transform\u00e9 en [&hellip;]<\/p>\n","protected":false},"author":3,"featured_media":0,"parent":0,"menu_order":0,"comment_status":"closed","ping_status":"closed","template":"page-templates\/full-width-page.php","meta":{"_EventAllDay":false,"_EventTimezone":"","_EventStartDate":"","_EventEndDate":"","_EventStartDateUTC":"","_EventEndDateUTC":"","_EventShowMap":false,"_EventShowMapLink":false,"_EventURL":"","_EventCost":"","_EventCostDescription":"","_EventCurrencySymbol":"","_EventCurrencyCode":"","_EventCurrencyPosition":"","_EventDateTimeSeparator":"","_EventTimeRangeSeparator":"","_EventOrganizerID":[],"_EventVenueID":[],"_OrganizerEmail":"","_OrganizerPhone":"","_OrganizerWebsite":"","_VenueAddress":"","_VenueCity":"","_VenueCountry":"","_VenueProvince":"","_VenueState":"","_VenueZip":"","_VenuePhone":"","_VenueURL":"","_VenueStateProvince":"","_VenueLat":"","_VenueLng":"","_VenueShowMap":false,"_VenueShowMapLink":false,"footnotes":""},"class_list":["post-695","page","type-page","status-publish","hentry"],"yoast_head":"<!-- This site is optimized with the Yoast SEO plugin v27.5 - https:\/\/yoast.com\/product\/yoast-seo-wordpress\/ -->\n<title>Notre histoire - \u00c9glise \u00c9vang\u00e9lique de Weislingen<\/title>\n<meta name=\"robots\" content=\"index, follow, max-snippet:-1, max-image-preview:large, max-video-preview:-1\" \/>\n<link rel=\"canonical\" href=\"https:\/\/egewe.fr\/index.php\/histoire-de-leglise-evangelique-de-weislingen\/\" \/>\n<meta property=\"og:locale\" content=\"fr_FR\" \/>\n<meta property=\"og:type\" content=\"article\" \/>\n<meta property=\"og:title\" content=\"Notre histoire - \u00c9glise \u00c9vang\u00e9lique de Weislingen\" \/>\n<meta property=\"og:description\" content=\"La maison qui abrite de nos jours l\u2019\u00e9glise \u00e9vang\u00e9lique fut construite en 1924 par les \u00e9poux Eberhardt E. et Graef Catherine. Par la suite le b\u00e2timent a \u00e9t\u00e9 transform\u00e9 en [&hellip;]\" \/>\n<meta property=\"og:url\" content=\"https:\/\/egewe.fr\/index.php\/histoire-de-leglise-evangelique-de-weislingen\/\" \/>\n<meta property=\"og:site_name\" content=\"\u00c9glise \u00c9vang\u00e9lique de Weislingen\" \/>\n<meta property=\"article:modified_time\" content=\"2024-10-27T09:22:17+00:00\" \/>\n<meta property=\"og:image\" content=\"https:\/\/egewe.fr\/wp-content\/uploads\/2020\/09\/cropped-eew-av-2012.jpg\" \/>\n\t<meta property=\"og:image:width\" content=\"308\" \/>\n\t<meta property=\"og:image:height\" content=\"227\" \/>\n\t<meta property=\"og:image:type\" content=\"image\/jpeg\" \/>\n<meta name=\"twitter:card\" content=\"summary_large_image\" \/>\n<meta name=\"twitter:label1\" content=\"Dur\u00e9e de lecture estim\u00e9e\" \/>\n\t<meta name=\"twitter:data1\" content=\"2 minutes\" \/>\n<script type=\"application\/ld+json\" class=\"yoast-schema-graph\">{\"@context\":\"https:\\\/\\\/schema.org\",\"@graph\":[{\"@type\":\"WebPage\",\"@id\":\"https:\\\/\\\/egewe.fr\\\/index.php\\\/histoire-de-leglise-evangelique-de-weislingen\\\/\",\"url\":\"https:\\\/\\\/egewe.fr\\\/index.php\\\/histoire-de-leglise-evangelique-de-weislingen\\\/\",\"name\":\"Notre histoire - \u00c9glise \u00c9vang\u00e9lique de Weislingen\",\"isPartOf\":{\"@id\":\"https:\\\/\\\/egewe.fr\\\/#website\"},\"primaryImageOfPage\":{\"@id\":\"https:\\\/\\\/egewe.fr\\\/index.php\\\/histoire-de-leglise-evangelique-de-weislingen\\\/#primaryimage\"},\"image\":{\"@id\":\"https:\\\/\\\/egewe.fr\\\/index.php\\\/histoire-de-leglise-evangelique-de-weislingen\\\/#primaryimage\"},\"thumbnailUrl\":\"https:\\\/\\\/egewe.fr\\\/wp-content\\\/uploads\\\/2020\\\/09\\\/cropped-eew-av-2012.jpg\",\"datePublished\":\"2020-09-02T12:32:31+00:00\",\"dateModified\":\"2024-10-27T09:22:17+00:00\",\"breadcrumb\":{\"@id\":\"https:\\\/\\\/egewe.fr\\\/index.php\\\/histoire-de-leglise-evangelique-de-weislingen\\\/#breadcrumb\"},\"inLanguage\":\"fr-FR\",\"potentialAction\":[{\"@type\":\"ReadAction\",\"target\":[\"https:\\\/\\\/egewe.fr\\\/index.php\\\/histoire-de-leglise-evangelique-de-weislingen\\\/\"]}]},{\"@type\":\"ImageObject\",\"inLanguage\":\"fr-FR\",\"@id\":\"https:\\\/\\\/egewe.fr\\\/index.php\\\/histoire-de-leglise-evangelique-de-weislingen\\\/#primaryimage\",\"url\":\"https:\\\/\\\/egewe.fr\\\/wp-content\\\/uploads\\\/2020\\\/09\\\/cropped-eew-av-2012.jpg\",\"contentUrl\":\"https:\\\/\\\/egewe.fr\\\/wp-content\\\/uploads\\\/2020\\\/09\\\/cropped-eew-av-2012.jpg\",\"width\":308,\"height\":227},{\"@type\":\"BreadcrumbList\",\"@id\":\"https:\\\/\\\/egewe.fr\\\/index.php\\\/histoire-de-leglise-evangelique-de-weislingen\\\/#breadcrumb\",\"itemListElement\":[{\"@type\":\"ListItem\",\"position\":1,\"name\":\"Accueil\",\"item\":\"https:\\\/\\\/egewe.fr\\\/\"},{\"@type\":\"ListItem\",\"position\":2,\"name\":\"Notre histoire\"}]},{\"@type\":\"WebSite\",\"@id\":\"https:\\\/\\\/egewe.fr\\\/#website\",\"url\":\"https:\\\/\\\/egewe.fr\\\/\",\"name\":\"\u00c9glise \u00c9vang\u00e9lique de Weislingen\",\"description\":\"\",\"publisher\":{\"@id\":\"https:\\\/\\\/egewe.fr\\\/#organization\"},\"potentialAction\":[{\"@type\":\"SearchAction\",\"target\":{\"@type\":\"EntryPoint\",\"urlTemplate\":\"https:\\\/\\\/egewe.fr\\\/?s={search_term_string}\"},\"query-input\":{\"@type\":\"PropertyValueSpecification\",\"valueRequired\":true,\"valueName\":\"search_term_string\"}}],\"inLanguage\":\"fr-FR\"},{\"@type\":\"Organization\",\"@id\":\"https:\\\/\\\/egewe.fr\\\/#organization\",\"name\":\"\u00c9glise \u00c9vang\u00e9lique de Weislingen\",\"url\":\"https:\\\/\\\/egewe.fr\\\/\",\"logo\":{\"@type\":\"ImageObject\",\"inLanguage\":\"fr-FR\",\"@id\":\"https:\\\/\\\/egewe.fr\\\/#\\\/schema\\\/logo\\\/image\\\/\",\"url\":\"https:\\\/\\\/egewe.fr\\\/wp-content\\\/uploads\\\/2026\\\/03\\\/Eglise-Evangelique-de-Weislingen.png\",\"contentUrl\":\"https:\\\/\\\/egewe.fr\\\/wp-content\\\/uploads\\\/2026\\\/03\\\/Eglise-Evangelique-de-Weislingen.png\",\"width\":1187,\"height\":264,\"caption\":\"\u00c9glise \u00c9vang\u00e9lique de Weislingen\"},\"image\":{\"@id\":\"https:\\\/\\\/egewe.fr\\\/#\\\/schema\\\/logo\\\/image\\\/\"}}]}<\/script>\n<!-- \/ Yoast SEO plugin. -->","yoast_head_json":{"title":"Notre histoire - \u00c9glise \u00c9vang\u00e9lique de Weislingen","robots":{"index":"index","follow":"follow","max-snippet":"max-snippet:-1","max-image-preview":"max-image-preview:large","max-video-preview":"max-video-preview:-1"},"canonical":"https:\/\/egewe.fr\/index.php\/histoire-de-leglise-evangelique-de-weislingen\/","og_locale":"fr_FR","og_type":"article","og_title":"Notre histoire - \u00c9glise \u00c9vang\u00e9lique de Weislingen","og_description":"La maison qui abrite de nos jours l\u2019\u00e9glise \u00e9vang\u00e9lique fut construite en 1924 par les \u00e9poux Eberhardt E. et Graef Catherine. Par la suite le b\u00e2timent a \u00e9t\u00e9 transform\u00e9 en [&hellip;]","og_url":"https:\/\/egewe.fr\/index.php\/histoire-de-leglise-evangelique-de-weislingen\/","og_site_name":"\u00c9glise \u00c9vang\u00e9lique de Weislingen","article_modified_time":"2024-10-27T09:22:17+00:00","og_image":[{"width":308,"height":227,"url":"https:\/\/egewe.fr\/wp-content\/uploads\/2020\/09\/cropped-eew-av-2012.jpg","type":"image\/jpeg"}],"twitter_card":"summary_large_image","twitter_misc":{"Dur\u00e9e de lecture estim\u00e9e":"2 minutes"},"schema":{"@context":"https:\/\/schema.org","@graph":[{"@type":"WebPage","@id":"https:\/\/egewe.fr\/index.php\/histoire-de-leglise-evangelique-de-weislingen\/","url":"https:\/\/egewe.fr\/index.php\/histoire-de-leglise-evangelique-de-weislingen\/","name":"Notre histoire - \u00c9glise \u00c9vang\u00e9lique de Weislingen","isPartOf":{"@id":"https:\/\/egewe.fr\/#website"},"primaryImageOfPage":{"@id":"https:\/\/egewe.fr\/index.php\/histoire-de-leglise-evangelique-de-weislingen\/#primaryimage"},"image":{"@id":"https:\/\/egewe.fr\/index.php\/histoire-de-leglise-evangelique-de-weislingen\/#primaryimage"},"thumbnailUrl":"https:\/\/egewe.fr\/wp-content\/uploads\/2020\/09\/cropped-eew-av-2012.jpg","datePublished":"2020-09-02T12:32:31+00:00","dateModified":"2024-10-27T09:22:17+00:00","breadcrumb":{"@id":"https:\/\/egewe.fr\/index.php\/histoire-de-leglise-evangelique-de-weislingen\/#breadcrumb"},"inLanguage":"fr-FR","potentialAction":[{"@type":"ReadAction","target":["https:\/\/egewe.fr\/index.php\/histoire-de-leglise-evangelique-de-weislingen\/"]}]},{"@type":"ImageObject","inLanguage":"fr-FR","@id":"https:\/\/egewe.fr\/index.php\/histoire-de-leglise-evangelique-de-weislingen\/#primaryimage","url":"https:\/\/egewe.fr\/wp-content\/uploads\/2020\/09\/cropped-eew-av-2012.jpg","contentUrl":"https:\/\/egewe.fr\/wp-content\/uploads\/2020\/09\/cropped-eew-av-2012.jpg","width":308,"height":227},{"@type":"BreadcrumbList","@id":"https:\/\/egewe.fr\/index.php\/histoire-de-leglise-evangelique-de-weislingen\/#breadcrumb","itemListElement":[{"@type":"ListItem","position":1,"name":"Accueil","item":"https:\/\/egewe.fr\/"},{"@type":"ListItem","position":2,"name":"Notre histoire"}]},{"@type":"WebSite","@id":"https:\/\/egewe.fr\/#website","url":"https:\/\/egewe.fr\/","name":"\u00c9glise \u00c9vang\u00e9lique de Weislingen","description":"","publisher":{"@id":"https:\/\/egewe.fr\/#organization"},"potentialAction":[{"@type":"SearchAction","target":{"@type":"EntryPoint","urlTemplate":"https:\/\/egewe.fr\/?s={search_term_string}"},"query-input":{"@type":"PropertyValueSpecification","valueRequired":true,"valueName":"search_term_string"}}],"inLanguage":"fr-FR"},{"@type":"Organization","@id":"https:\/\/egewe.fr\/#organization","name":"\u00c9glise \u00c9vang\u00e9lique de Weislingen","url":"https:\/\/egewe.fr\/","logo":{"@type":"ImageObject","inLanguage":"fr-FR","@id":"https:\/\/egewe.fr\/#\/schema\/logo\/image\/","url":"https:\/\/egewe.fr\/wp-content\/uploads\/2026\/03\/Eglise-Evangelique-de-Weislingen.png","contentUrl":"https:\/\/egewe.fr\/wp-content\/uploads\/2026\/03\/Eglise-Evangelique-de-Weislingen.png","width":1187,"height":264,"caption":"\u00c9glise \u00c9vang\u00e9lique de Weislingen"},"image":{"@id":"https:\/\/egewe.fr\/#\/schema\/logo\/image\/"}}]}},"jetpack_sharing_enabled":true,"_links":{"self":[{"href":"https:\/\/egewe.fr\/index.php\/wp-json\/wp\/v2\/pages\/695","targetHints":{"allow":["GET"]}}],"collection":[{"href":"https:\/\/egewe.fr\/index.php\/wp-json\/wp\/v2\/pages"}],"about":[{"href":"https:\/\/egewe.fr\/index.php\/wp-json\/wp\/v2\/types\/page"}],"author":[{"embeddable":true,"href":"https:\/\/egewe.fr\/index.php\/wp-json\/wp\/v2\/users\/3"}],"replies":[{"embeddable":true,"href":"https:\/\/egewe.fr\/index.php\/wp-json\/wp\/v2\/comments?post=695"}],"version-history":[{"count":10,"href":"https:\/\/egewe.fr\/index.php\/wp-json\/wp\/v2\/pages\/695\/revisions"}],"predecessor-version":[{"id":7818,"href":"https:\/\/egewe.fr\/index.php\/wp-json\/wp\/v2\/pages\/695\/revisions\/7818"}],"wp:attachment":[{"href":"https:\/\/egewe.fr\/index.php\/wp-json\/wp\/v2\/media?parent=695"}],"curies":[{"name":"wp","href":"https:\/\/api.w.org\/{rel}","templated":true}]}}